{"id":2514,"date":"2019-10-08T09:54:19","date_gmt":"2019-10-08T07:54:19","guid":{"rendered":"http:\/\/www.coralegnami.it\/datenschutz-dieser-website\/"},"modified":"2022-08-30T16:19:11","modified_gmt":"2022-08-30T14:19:11","slug":"datenschutz-dieser-website","status":"publish","type":"page","link":"https:\/\/www.coralegnami.it\/de\/datenschutz-dieser-website\/","title":{"rendered":"Datenschutz dieser website"},"content":{"rendered":"<p><strong>DATENSCHUTZ DIESER WEBSITE<\/strong><\/p><p>Sehr geehrter Besucher<\/p><p>Beim Besuch dieser Website k\u00f6nnen Daten \u00fcber identifizierte oder identifizierbare nat\u00fcrliche Personen verarbeitet werden. In Bezug auf diese Datenverarbeitung werden die folgenden Informationen, auch gem\u00e4\u00df Art. 13 der Verordnung (EU) 2016\/679 des Europ\u00e4ischen Parlaments und des Rates deren G\u00fcltigkeit nicht auf andere externe Websites ausgedehnt wird, auf die der Benutzer \u00fcber Links auf dieser Website zugreift. Mit dem Fortsetzen der Navigation und mit der Annahme der in den verschiedenen Teilen der Website enthaltenen Serviceangebote (Abonnement unseres Newsletters, Ausf\u00fcllen von Formularen zur Anforderung von Informationen&#8230;.) werden diese allgemeinen Informationen zur Behandlung sowie etwaige spezielle Informationen in Bezug auf Behandlungen f\u00fcr verschiedene und spezifische Zwecke zur Kenntnis genommen und der Benutzer stimmt den entsprechenden Behandlungen zu. Es ist zu beachten, dass die Einwilligung nur g\u00fcltig ist, wenn sie von einer vollj\u00e4hrigen Person oder von einem Minderj\u00e4hrigen kommt, der mindestens 14 Jahre alt ist.<\/p><p><strong>DER F\u00dcR DIE VERARBEITUNG VERANTWORTLICHE<\/strong><\/p><p>Cor\u00e0 Domenico &amp; Figli Spa, con sede in Altavilla Vicentina \u2013 VI (Italia), via Verona 1, p.iva 02170820241<\/p><p><strong>ART DER VERARBEITETEN DATEN<\/strong><\/p><p>Navigationsdaten<\/p><p>Die Informatiksysteme und Softwareverfahren Folgendes Internetseite erfassen w\u00e4hrend ihres normalen Betriebs einige personenbezogene Daten, die im Rahmen der Nutzung von Internet-Kommunikationsprotokollen implizit \u00fcbermittelt werden. Diese Informationen werden nicht gesammelt, um bestimmten betroffenen Personen zugeordnet zu werden, k\u00f6nnten aber aufgrund ihrer Eigenschaften durch die Verarbeitung und Zuordnung zu Daten von Dritten eine Bestimmung der Benutzer erm\u00f6glichen. Zu dieser Kategorie von Daten beispielsweise \u201eIP-Adressen\u201c oder die Domainnamen der von den Nutzern verwendeten Computer oder andere Instrumente\/Ger\u00e4te, mit denen die Internetseite ge\u00f6ffnet wird, sowie die URI-Adressen (Uniform Resource Identifier) der angeforderten Ressourcen, die Uhrzeit der Anfrage, die Anfragemethode beim Server, die Gr\u00f6\u00dfe der Antwortdatei, der numerische Code zur Statusanzeige der Serverantwort (erfolgreich, Fehler usw.) und andere Parameter des Betriebssystems und e Informatikumgebung des Nutzers. Die Daten werden lediglich zur Erhebung anonymer statistischer Daten \u00fcber die Nutzung der Internetseite erhoben, sowie zur \u00dcberwachung ihrer korrekten Funktionsweise und werden unmittelbar nach der Verarbeitung gel\u00f6scht.<\/p><p>Cookies<\/p><p>Cookies sind kleine Textdateien, die von einem Server erstellt und auf dem Ger\u00e4t gespeichert werden, mit dem der Benutzer durch die Website navigiert. Sie erm\u00f6glichen es der Website, dem Benutzer all ihre Funktionen zur Verf\u00fcgung zu stellen, ein besseres und vollst\u00e4ndigeres Browser-Erlebnis zu bieten und Informationen \u00fcber die Vorlieben und Verhaltensweisen des Benutzers zu liefern. Der Benutzer kann der Speicherung von Cookies auf seinem Ger\u00e4t widersprechen und den f\u00fcr die Navigation verwendeten Browser konfigurieren: Wenn er diese Website nutzt, ohne die Einstellungen des Browsers zu \u00e4ndern, gehen wir davon aus, dass er alle von der Website verwendeten Cookies empfangen und alle Funktionen nutzen m\u00f6chte.<\/p><p>Freiwillig vom Nutzer zur Verf\u00fcgung gestellte Daten<\/p><p>Der optionale, ausdr\u00fcckliche und freiwillige Versand von E-Mails an die auf dieser Website angegebenen Adressen f\u00fchrt zur Erfassung der Absenderadresse, die f\u00fcr die Beantwortung von Anfragen erforderlich ist, sowie aller anderen in der Nachricht enthaltenen personenbezogenen Daten. Spezifische zusammenfassende Informationen werden auch in den Bereichen der Website bereitgestellt oder angezeigt, die f\u00fcr bestimmte Dienste auf Anfrage und gegebenenfalls mit Zustimmung der betroffenen Person (z. B. zur Anmeldung zum Newsletter) vorbereitet wurden.<\/p><p><strong>ZWECK DER VERARBEITUNG UND OPTIONALE BEREITSTELLUNG VON DATEN<\/strong><\/p><p>Abgesehen von den f\u00fcr Navigationsdaten und technische Cookies festgelegten Daten steht es dem Benutzer frei, seine personenbezogenen Daten durch spezielle Formulare auf der Website zur Verf\u00fcgung zu stellen, um den Versand von Newslettern, Informationsmaterial oder anderen Mitteilungen anzufordern, und ganz allgemein f\u00fcr die in den relevanten und spezifischen Informationen genannten Zwecke. Die Nichteinhaltung dieser Angaben kann es unm\u00f6glich machen, das Gew\u00fcnschte zu erhalten.<\/p><p><strong>VERARBEITUNGSMETHODEN<\/strong><\/p><p>Unser Unternehmen als Rechtsinhaber und Verantwortliche f\u00fcr die Datenverarbeitung und jeder der oben genannten externen Verantwortlichen wird die durch die Nutzung der Website und ihrer verschiedenen, auf Wunsch des Benutzers aktivierten Funktionen gesammelten personenbezogenen Daten f\u00fcr den Zeitraum, der unbedingt erforderlich ist, um die Zwecke zu erreichen, f\u00fcr die sie vom Benutzer erhoben oder freiwillig \u00fcbermittelt wurden, auf automatisierten Tools und\/oder auf Papier verwalten und speichern. Es werden, wie in Art. 32 der Verordnung (EU) 2016\/679 vorgesehen sind, besondere Sicherheitsma\u00dfnahmen beachtet, um Datenverlust, illegale oder unsachgem\u00e4\u00dfe Verwendung und unbefugten Zugriff zu verhindern. Die Daten werden nur von Personal verwaltet, das vom Inhaber der Datenverarbeitung autorisiert wurde. Falls erforderlich, k\u00f6nnen personenbezogene Daten im Zusammenhang mit Dienstleistungen von den Mitarbeitern des Unternehmens oder dem Berater, der sich um die technische Wartung der Seite k\u00fcmmert, sowie von dem gem\u00e4\u00df Artikel 28 der Verordnung 679 ernannten\/oder externen Verantwortlichen der Behandlung verarbeitet werden. Unter keinen Umst\u00e4nden werden die Daten weitergegeben. Bei den oben genannten Daten gibt es KEINE pers\u00f6nliche Profilerstellung s","protected":false},"excerpt":{"rendered":"<p>DATENSCHUTZ DIESER WEBSITE Sehr geehrter Besucher Beim Besuch dieser Website k\u00f6nnen Daten \u00fcber identifizierte oder identifizierbare nat\u00fcrliche Personen verarbeitet werden. In Bezug auf diese Datenverarbeitung werden die folgenden Informationen, auch<\/p>\n","protected":false},"author":2,"featured_media":0,"parent":0,"menu_order":0,"comment_status":"closed","ping_status":"closed","template":"","meta":{"_acf_changed":false,"footnotes":""},"class_list":["post-2514","page","type-page","status-publish","hentry"],"acf":[],"yoast_head":"<!-- This site is optimized with the Yoast SEO plugin v24.0 - https:\/\/yoast.com\/wordpress\/plugins\/seo\/ -->\n<title>Datenschutz dieser website - Cor\u00e0 Domenico &amp; Figli<\/title>\n<meta name=\"robots\" content=\"index, follow, max-snippet:-1, max-image-preview:large, max-video-preview:-1\" \/>\n<link rel=\"canonical\" href=\"https:\/\/www.coralegnami.it\/de\/datenschutz-dieser-website\/\" \/>\n<meta property=\"og:locale\" content=\"de_DE\" \/>\n<meta property=\"og:type\" content=\"article\" \/>\n<meta property=\"og:title\" content=\"Datenschutz dieser website - Cor\u00e0 Domenico &amp; Figli\" \/>\n<meta property=\"og:description\" content=\"DATENSCHUTZ DIESER WEBSITE Sehr geehrter Besucher Beim Besuch dieser Website k\u00f6nnen Daten \u00fcber identifizierte oder identifizierbare nat\u00fcrliche Personen verarbeitet werden. In Bezug auf diese Datenverarbeitung werden die folgenden Informationen, auch\" \/>\n<meta property=\"og:url\" content=\"https:\/\/www.coralegnami.it\/de\/datenschutz-dieser-website\/\" \/>\n<meta property=\"og:site_name\" content=\"Cor\u00e0 Domenico &amp; Figli\" \/>\n<meta property=\"article:modified_time\" content=\"2022-08-30T14:19:11+00:00\" \/>\n<meta name=\"twitter:card\" content=\"summary_large_image\" \/>\n<meta name=\"twitter:label1\" content=\"Gesch\u00e4tzte Lesezeit\" \/>\n\t<meta name=\"twitter:data1\" content=\"5\u00a0Minuten\" \/>\n<script type=\"application\/ld+json\" class=\"yoast-schema-graph\">{\"@context\":\"https:\/\/schema.org\",\"@graph\":[{\"@type\":\"WebPage\",\"@id\":\"https:\/\/www.coralegnami.it\/de\/datenschutz-dieser-website\/\",\"url\":\"https:\/\/www.coralegnami.it\/de\/datenschutz-dieser-website\/\",\"name\":\"Datenschutz dieser website - Cor\u00e0 Domenico &amp; Figli\",\"isPartOf\":{\"@id\":\"https:\/\/www.coralegnami.it\/#website\"},\"datePublished\":\"2019-10-08T07:54:19+00:00\",\"dateModified\":\"2022-08-30T14:19:11+00:00\",\"breadcrumb\":{\"@id\":\"https:\/\/www.coralegnami.it\/de\/datenschutz-dieser-website\/#breadcrumb\"},\"inLanguage\":\"de\",\"potentialAction\":[{\"@type\":\"ReadAction\",\"target\":[\"https:\/\/www.coralegnami.it\/de\/datenschutz-dieser-website\/\"]}]},{\"@type\":\"BreadcrumbList\",\"@id\":\"https:\/\/www.coralegnami.it\/de\/datenschutz-dieser-website\/#breadcrumb\",\"itemListElement\":[{\"@type\":\"ListItem\",\"position\":1,\"name\":\"Home\",\"item\":\"https:\/\/www.coralegnami.it\/de\/\"},{\"@type\":\"ListItem\",\"position\":2,\"name\":\"Datenschutz dieser website\"}]},{\"@type\":\"WebSite\",\"@id\":\"https:\/\/www.coralegnami.it\/#website\",\"url\":\"https:\/\/www.coralegnami.it\/\",\"name\":\"Cor\u00e0 Domenico &amp; Figli\",\"description\":\"Un nuovo sito targato WordPress\",\"potentialAction\":[{\"@type\":\"SearchAction\",\"target\":{\"@type\":\"EntryPoint\",\"urlTemplate\":\"https:\/\/www.coralegnami.it\/?s={search_term_string}\"},\"query-input\":{\"@type\":\"PropertyValueSpecification\",\"valueRequired\":true,\"valueName\":\"search_term_string\"}}],\"inLanguage\":\"de\"}]}<\/script>\n<!-- \/ Yoast SEO plugin. -->","yoast_head_json":{"title":"Datenschutz dieser website - Cor\u00e0 Domenico &amp; Figli","robots":{"index":"index","follow":"follow","max-snippet":"max-snippet:-1","max-image-preview":"max-image-preview:large","max-video-preview":"max-video-preview:-1"},"canonical":"https:\/\/www.coralegnami.it\/de\/datenschutz-dieser-website\/","og_locale":"de_DE","og_type":"article","og_title":"Datenschutz dieser website - Cor\u00e0 Domenico &amp; Figli","og_description":"DATENSCHUTZ DIESER WEBSITE Sehr geehrter Besucher Beim Besuch dieser Website k\u00f6nnen Daten \u00fcber identifizierte oder identifizierbare nat\u00fcrliche Personen verarbeitet werden. In Bezug auf diese Datenverarbeitung werden die folgenden Informationen, auch","og_url":"https:\/\/www.coralegnami.it\/de\/datenschutz-dieser-website\/","og_site_name":"Cor\u00e0 Domenico &amp; Figli","article_modified_time":"2022-08-30T14:19:11+00:00","twitter_card":"summary_large_image","twitter_misc":{"Gesch\u00e4tzte Lesezeit":"5\u00a0Minuten"},"schema":{"@context":"https:\/\/schema.org","@graph":[{"@type":"WebPage","@id":"https:\/\/www.coralegnami.it\/de\/datenschutz-dieser-website\/","url":"https:\/\/www.coralegnami.it\/de\/datenschutz-dieser-website\/","name":"Datenschutz dieser website - Cor\u00e0 Domenico &amp; Figli","isPartOf":{"@id":"https:\/\/www.coralegnami.it\/#website"},"datePublished":"2019-10-08T07:54:19+00:00","dateModified":"2022-08-30T14:19:11+00:00","breadcrumb":{"@id":"https:\/\/www.coralegnami.it\/de\/datenschutz-dieser-website\/#breadcrumb"},"inLanguage":"de","potentialAction":[{"@type":"ReadAction","target":["https:\/\/www.coralegnami.it\/de\/datenschutz-dieser-website\/"]}]},{"@type":"BreadcrumbList","@id":"https:\/\/www.coralegnami.it\/de\/datenschutz-dieser-website\/#breadcrumb","itemListElement":[{"@type":"ListItem","position":1,"name":"Home","item":"https:\/\/www.coralegnami.it\/de\/"},{"@type":"ListItem","position":2,"name":"Datenschutz dieser website"}]},{"@type":"WebSite","@id":"https:\/\/www.coralegnami.it\/#website","url":"https:\/\/www.coralegnami.it\/","name":"Cor\u00e0 Domenico &amp; Figli","description":"Un nuovo sito targato WordPress","potentialAction":[{"@type":"SearchAction","target":{"@type":"EntryPoint","urlTemplate":"https:\/\/www.coralegnami.it\/?s={search_term_string}"},"query-input":{"@type":"PropertyValueSpecification","valueRequired":true,"valueName":"search_term_string"}}],"inLanguage":"de"}]}},"_links":{"self":[{"href":"https:\/\/www.coralegnami.it\/de\/wp-json\/wp\/v2\/pages\/2514","targetHints":{"allow":["GET"]}}],"collection":[{"href":"https:\/\/www.coralegnami.it\/de\/wp-json\/wp\/v2\/pages"}],"about":[{"href":"https:\/\/www.coralegnami.it\/de\/wp-json\/wp\/v2\/types\/page"}],"author":[{"embeddable":true,"href":"https:\/\/www.coralegnami.it\/de\/wp-json\/wp\/v2\/users\/2"}],"replies":[{"embeddable":true,"href":"https:\/\/www.coralegnami.it\/de\/wp-json\/wp\/v2\/comments?post=2514"}],"version-history":[{"count":2,"href":"https:\/\/www.coralegnami.it\/de\/wp-json\/wp\/v2\/pages\/2514\/revisions"}],"predecessor-version":[{"id":6635,"href":"https:\/\/www.coralegnami.it\/de\/wp-json\/wp\/v2\/pages\/2514\/revisions\/6635"}],"wp:attachment":[{"href":"https:\/\/www.coralegnami.it\/de\/wp-json\/wp\/v2\/media?parent=2514"}],"curies":[{"name":"wp","href":"https:\/\/api.w.org\/{rel}","templated":true}]}}