{"id":4456,"date":"2019-05-17T13:16:44","date_gmt":"2019-05-17T11:16:44","guid":{"rendered":"https:\/\/www.coralegnami.it\/prodotto\/radica-di-olmo-107-2\/"},"modified":"2026-03-13T11:58:26","modified_gmt":"2026-03-13T10:58:26","slug":"elm-burl-107","status":"publish","type":"product","link":"https:\/\/www.coralegnami.it\/en\/prodotto\/elm-burl-107\/","title":{"rendered":"ELM BURL 107"},"content":{"rendered":"<p><strong>ART. 60 990 72<\/strong><\/p>\n<p><a href=\"images\/stories\/virtuemart\/product\/RADICA%20OLMO 107.jpg\">\u00a0<\/a><\/p>\n<p><a href=\"images\/stories\/virtuemart\/product\/RADICA%20OLMO 107.jpg\"><img decoding=\"async\" src=\"images\/stories\/virtuemart\/product\/resized\/RADICA OLMO 107_73x110.jpg\" alt=\"\" \/><\/a><\/p>\n<p class=\"MsoListParagraph\"><strong>CARATTERISTICHE<\/strong><\/p>\n<p class=\"MsoListParagraph\">La quintessenza della nobilt\u00e0 del legno, richiamo di intarsi immaginifici ed unici, di lavori al di l\u00e0 del tempo, \u00e8 presente nelle nostra gamma di tranciati in una versione di radiche in varie tonalit\u00e0 per le creazioni pi\u00f9 pregiate.<\/p>\n<p class=\"MsoListParagraph\"><strong>DIMENSIONI<\/strong><\/p>\n<p class=\"MsoListParagraph\">Spessore (mm) x Larghezza (mm) x Lunghezza (mm)<\/p>\n<p class=\"MsoListParagraph\">0.6 x 2500 x 315<\/p>\n<p class=\"MsoListParagraph\">\n","protected":false},"excerpt":{"rendered":"<p>ART. 60 990 72 \u00a0 CARATTERISTICHE La quintessenza della nobilt\u00e0 del legno, richiamo di intarsi immaginifici ed unici, di lavori al di l\u00e0 del tempo, \u00e8 presente nelle nostra gamma<\/p>\n","protected":false},"featured_media":1747,"template":"","meta":{"_acf_changed":false},"product_cat":[55],"product_tag":[],"sectors":[105,112],"class_list":{"0":"post-4456","1":"product","2":"type-product","3":"status-publish","4":"has-post-thumbnail","6":"product_cat-cora-engineered-veneer","7":"sectors-arredo","8":"sectors-nautica","10":"first","11":"instock","12":"shipping-taxable","13":"product-type-simple"},"acf":[],"yoast_head":"<!-- This site is optimized with the Yoast SEO plugin v24.0 - https:\/\/yoast.com\/wordpress\/plugins\/seo\/ -->\n<title>ELM BURL 107 - Cor\u00e0 Domenico &amp; Figli<\/title>\n<meta name=\"robots\" content=\"index, follow, max-snippet:-1, max-image-preview:large, max-video-preview:-1\" \/>\n<link rel=\"canonical\" href=\"https:\/\/www.coralegnami.it\/en\/prodotto\/elm-burl-107\/\" \/>\n<meta property=\"og:locale\" content=\"en_US\" \/>\n<meta property=\"og:type\" content=\"article\" \/>\n<meta property=\"og:title\" content=\"ELM BURL 107 - Cor\u00e0 Domenico &amp; Figli\" \/>\n<meta property=\"og:description\" content=\"ART. 60 990 72 \u00a0 CARATTERISTICHE La quintessenza della nobilt\u00e0 del legno, richiamo di intarsi immaginifici ed unici, di lavori al di l\u00e0 del tempo, \u00e8 presente nelle nostra gamma\" \/>\n<meta property=\"og:url\" content=\"https:\/\/www.coralegnami.it\/en\/prodotto\/elm-burl-107\/\" \/>\n<meta property=\"og:site_name\" content=\"Cor\u00e0 Domenico &amp; Figli\" \/>\n<meta property=\"article:modified_time\" content=\"2026-03-13T10:58:26+00:00\" \/>\n<meta property=\"og:image\" content=\"https:\/\/www.coralegnami.it\/wp-content\/uploads\/2019\/05\/RADICA20OLMO20107.jpg\" \/>\n\t<meta property=\"og:image:width\" content=\"400\" \/>\n\t<meta property=\"og:image:height\" content=\"400\" \/>\n\t<meta property=\"og:image:type\" content=\"image\/jpeg\" \/>\n<meta name=\"twitter:card\" content=\"summary_large_image\" \/>\n<meta name=\"twitter:label1\" content=\"Est. reading time\" \/>\n\t<meta name=\"twitter:data1\" content=\"1 minute\" \/>\n<script type=\"application\/ld+json\" class=\"yoast-schema-graph\">{\"@context\":\"https:\/\/schema.org\",\"@graph\":[{\"@type\":\"WebPage\",\"@id\":\"https:\/\/www.coralegnami.it\/en\/prodotto\/elm-burl-107\/\",\"url\":\"https:\/\/www.coralegnami.it\/en\/prodotto\/elm-burl-107\/\",\"name\":\"ELM BURL 107 - Cor\u00e0 Domenico &amp; Figli\",\"isPartOf\":{\"@id\":\"https:\/\/www.coralegnami.it\/#website\"},\"primaryImageOfPage\":{\"@id\":\"https:\/\/www.coralegnami.it\/en\/prodotto\/elm-burl-107\/#primaryimage\"},\"image\":{\"@id\":\"https:\/\/www.coralegnami.it\/en\/prodotto\/elm-burl-107\/#primaryimage\"},\"thumbnailUrl\":\"https:\/\/www.coralegnami.it\/wp-content\/uploads\/2019\/05\/RADICA20OLMO20107.jpg\",\"datePublished\":\"2019-05-17T11:16:44+00:00\",\"dateModified\":\"2026-03-13T10:58:26+00:00\",\"breadcrumb\":{\"@id\":\"https:\/\/www.coralegnami.it\/en\/prodotto\/elm-burl-107\/#breadcrumb\"},\"inLanguage\":\"en-US\",\"potentialAction\":[{\"@type\":\"ReadAction\",\"target\":[\"https:\/\/www.coralegnami.it\/en\/prodotto\/elm-burl-107\/\"]}]},{\"@type\":\"ImageObject\",\"inLanguage\":\"en-US\",\"@id\":\"https:\/\/www.coralegnami.it\/en\/prodotto\/elm-burl-107\/#primaryimage\",\"url\":\"https:\/\/www.coralegnami.it\/wp-content\/uploads\/2019\/05\/RADICA20OLMO20107.jpg\",\"contentUrl\":\"https:\/\/www.coralegnami.it\/wp-content\/uploads\/2019\/05\/RADICA20OLMO20107.jpg\",\"width\":400,\"height\":400},{\"@type\":\"BreadcrumbList\",\"@id\":\"https:\/\/www.coralegnami.it\/en\/prodotto\/elm-burl-107\/#breadcrumb\",\"itemListElement\":[{\"@type\":\"ListItem\",\"position\":1,\"name\":\"Home\",\"item\":\"https:\/\/www.coralegnami.it\/en\/\"},{\"@type\":\"ListItem\",\"position\":2,\"name\":\"Products\",\"item\":\"https:\/\/www.coralegnami.it\/en\/products\/\"},{\"@type\":\"ListItem\",\"position\":3,\"name\":\"ELM BURL 107\"}]},{\"@type\":\"WebSite\",\"@id\":\"https:\/\/www.coralegnami.it\/#website\",\"url\":\"https:\/\/www.coralegnami.it\/\",\"name\":\"Cor\u00e0 Domenico &amp; Figli\",\"description\":\"Un nuovo sito targato WordPress\",\"potentialAction\":[{\"@type\":\"SearchAction\",\"target\":{\"@type\":\"EntryPoint\",\"urlTemplate\":\"https:\/\/www.coralegnami.it\/?s={search_term_string}\"},\"query-input\":{\"@type\":\"PropertyValueSpecification\",\"valueRequired\":true,\"valueName\":\"search_term_string\"}}],\"inLanguage\":\"en-US\"}]}<\/script>\n<!-- \/ Yoast SEO plugin. -->","yoast_head_json":{"title":"ELM BURL 107 - Cor\u00e0 Domenico &amp; Figli","robots":{"index":"index","follow":"follow","max-snippet":"max-snippet:-1","max-image-preview":"max-image-preview:large","max-video-preview":"max-video-preview:-1"},"canonical":"https:\/\/www.coralegnami.it\/en\/prodotto\/elm-burl-107\/","og_locale":"en_US","og_type":"article","og_title":"ELM BURL 107 - Cor\u00e0 Domenico &amp; Figli","og_description":"ART. 60 990 72 \u00a0 CARATTERISTICHE La quintessenza della nobilt\u00e0 del legno, richiamo di intarsi immaginifici ed unici, di lavori al di l\u00e0 del tempo, \u00e8 presente nelle nostra gamma","og_url":"https:\/\/www.coralegnami.it\/en\/prodotto\/elm-burl-107\/","og_site_name":"Cor\u00e0 Domenico &amp; Figli","article_modified_time":"2026-03-13T10:58:26+00:00","og_image":[{"width":400,"height":400,"url":"https:\/\/www.coralegnami.it\/wp-content\/uploads\/2019\/05\/RADICA20OLMO20107.jpg","type":"image\/jpeg"}],"twitter_card":"summary_large_image","twitter_misc":{"Est. reading time":"1 minute"},"schema":{"@context":"https:\/\/schema.org","@graph":[{"@type":"WebPage","@id":"https:\/\/www.coralegnami.it\/en\/prodotto\/elm-burl-107\/","url":"https:\/\/www.coralegnami.it\/en\/prodotto\/elm-burl-107\/","name":"ELM BURL 107 - Cor\u00e0 Domenico &amp; Figli","isPartOf":{"@id":"https:\/\/www.coralegnami.it\/#website"},"primaryImageOfPage":{"@id":"https:\/\/www.coralegnami.it\/en\/prodotto\/elm-burl-107\/#primaryimage"},"image":{"@id":"https:\/\/www.coralegnami.it\/en\/prodotto\/elm-burl-107\/#primaryimage"},"thumbnailUrl":"https:\/\/www.coralegnami.it\/wp-content\/uploads\/2019\/05\/RADICA20OLMO20107.jpg","datePublished":"2019-05-17T11:16:44+00:00","dateModified":"2026-03-13T10:58:26+00:00","breadcrumb":{"@id":"https:\/\/www.coralegnami.it\/en\/prodotto\/elm-burl-107\/#breadcrumb"},"inLanguage":"en-US","potentialAction":[{"@type":"ReadAction","target":["https:\/\/www.coralegnami.it\/en\/prodotto\/elm-burl-107\/"]}]},{"@type":"ImageObject","inLanguage":"en-US","@id":"https:\/\/www.coralegnami.it\/en\/prodotto\/elm-burl-107\/#primaryimage","url":"https:\/\/www.coralegnami.it\/wp-content\/uploads\/2019\/05\/RADICA20OLMO20107.jpg","contentUrl":"https:\/\/www.coralegnami.it\/wp-content\/uploads\/2019\/05\/RADICA20OLMO20107.jpg","width":400,"height":400},{"@type":"BreadcrumbList","@id":"https:\/\/www.coralegnami.it\/en\/prodotto\/elm-burl-107\/#breadcrumb","itemListElement":[{"@type":"ListItem","position":1,"name":"Home","item":"https:\/\/www.coralegnami.it\/en\/"},{"@type":"ListItem","position":2,"name":"Products","item":"https:\/\/www.coralegnami.it\/en\/products\/"},{"@type":"ListItem","position":3,"name":"ELM BURL 107"}]},{"@type":"WebSite","@id":"https:\/\/www.coralegnami.it\/#website","url":"https:\/\/www.coralegnami.it\/","name":"Cor\u00e0 Domenico &amp; Figli","description":"Un nuovo sito targato WordPress","potentialAction":[{"@type":"SearchAction","target":{"@type":"EntryPoint","urlTemplate":"https:\/\/www.coralegnami.it\/?s={search_term_string}"},"query-input":{"@type":"PropertyValueSpecification","valueRequired":true,"valueName":"search_term_string"}}],"inLanguage":"en-US"}]}},"_links":{"self":[{"href":"https:\/\/www.coralegnami.it\/en\/wp-json\/wp\/v2\/product\/4456","targetHints":{"allow":["GET"]}}],"collection":[{"href":"https:\/\/www.coralegnami.it\/en\/wp-json\/wp\/v2\/product"}],"about":[{"href":"https:\/\/www.coralegnami.it\/en\/wp-json\/wp\/v2\/types\/product"}],"wp:featuredmedia":[{"embeddable":true,"href":"https:\/\/www.coralegnami.it\/en\/wp-json\/wp\/v2\/media\/1747"}],"wp:attachment":[{"href":"https:\/\/www.coralegnami.it\/en\/wp-json\/wp\/v2\/media?parent=4456"}],"wp:term":[{"taxonomy":"product_cat","embeddable":true,"href":"https:\/\/www.coralegnami.it\/en\/wp-json\/wp\/v2\/product_cat?post=4456"},{"taxonomy":"product_tag","embeddable":true,"href":"https:\/\/www.coralegnami.it\/en\/wp-json\/wp\/v2\/product_tag?post=4456"},{"taxonomy":"sectors","embeddable":true,"href":"https:\/\/www.coralegnami.it\/en\/wp-json\/wp\/v2\/sectors?post=4456"}],"curies":[{"name":"wp","href":"https:\/\/api.w.org\/{rel}","templated":true}]}}