{"id":4596,"date":"2019-05-17T13:16:44","date_gmt":"2019-05-17T11:16:44","guid":{"rendered":"https:\/\/www.coralegnami.it\/prodotto\/radica-di-ulivo-1011\/"},"modified":"2026-03-13T12:00:49","modified_gmt":"2026-03-13T11:00:49","slug":"olive-burl-1011","status":"publish","type":"product","link":"https:\/\/www.coralegnami.it\/fr\/prodotto\/olive-burl-1011\/","title":{"rendered":"OLIVE BURL 1011"},"content":{"rendered":"<p><strong>ART. 60 990 73<\/strong><\/p>\n<p><a href=\"images\/stories\/virtuemart\/product\/CP%20RADICA DI ULIVO 1011.jpg\">\u00a0<\/a><\/p>\n<p><a href=\"images\/stories\/virtuemart\/product\/CP%20RADICA DI ULIVO 1011.jpg\"><img decoding=\"async\" src=\"images\/stories\/virtuemart\/product\/resized\/CP RADICA DI ULIVO 1011_73x110.jpg\" alt=\"\" \/><\/a><\/p>\n<p class=\"MsoListParagraph\"><strong>CARATTERISTICHE<\/strong><\/p>\n<p class=\"MsoListParagraph\">La quintessenza della nobilt\u00e0 del legno, richiamo di intarsi immaginifici ed unici, di lavori al di l\u00e0 del tempo, \u00e8 presente nelle nostra gamma di tranciati in una versione di radiche in varie tonalit\u00e0 per le creazioni pi\u00f9 pregiate.<\/p>\n<p class=\"MsoListParagraph\"><strong>DIMENSIONI<\/strong><\/p>\n<p class=\"MsoListParagraph\">Spessore (mm) x Larghezza (mm) x Lunghezza (mm)<\/p>\n<p class=\"MsoListParagraph\">0.6 x 2500 x 315<\/p>\n<p class=\"MsoListParagraph\">Tipologia:<\/p>\n","protected":false},"excerpt":{"rendered":"<p>ART. 60 990 73 \u00a0 CARATTERISTICHE La quintessenza della nobilt\u00e0 del legno, richiamo di intarsi immaginifici ed unici, di lavori al di l\u00e0 del tempo, \u00e8 presente nelle nostra gamma<\/p>\n","protected":false},"featured_media":4597,"template":"","meta":{"_acf_changed":false},"product_cat":[115],"product_tag":[],"sectors":[105,112],"class_list":{"0":"post-4596","1":"product","2":"type-product","3":"status-publish","4":"has-post-thumbnail","6":"product_cat-cora-tranciati-fr","7":"sectors-arredo","8":"sectors-nautica","10":"first","11":"instock","12":"shipping-taxable","13":"product-type-simple"},"acf":[],"yoast_head":"<!-- This site is optimized with the Yoast SEO plugin v24.0 - https:\/\/yoast.com\/wordpress\/plugins\/seo\/ -->\n<title>OLIVE BURL 1011 - Cor\u00e0 Domenico &amp; Figli<\/title>\n<meta name=\"robots\" content=\"index, follow, max-snippet:-1, max-image-preview:large, max-video-preview:-1\" \/>\n<link rel=\"canonical\" href=\"https:\/\/www.coralegnami.it\/fr\/prodotto\/olive-burl-1011\/\" \/>\n<meta property=\"og:locale\" content=\"fr_FR\" \/>\n<meta property=\"og:type\" content=\"article\" \/>\n<meta property=\"og:title\" content=\"OLIVE BURL 1011 - Cor\u00e0 Domenico &amp; Figli\" \/>\n<meta property=\"og:description\" content=\"ART. 60 990 73 \u00a0 CARATTERISTICHE La quintessenza della nobilt\u00e0 del legno, richiamo di intarsi immaginifici ed unici, di lavori al di l\u00e0 del tempo, \u00e8 presente nelle nostra gamma\" \/>\n<meta property=\"og:url\" content=\"https:\/\/www.coralegnami.it\/fr\/prodotto\/olive-burl-1011\/\" \/>\n<meta property=\"og:site_name\" content=\"Cor\u00e0 Domenico &amp; Figli\" \/>\n<meta property=\"article:modified_time\" content=\"2026-03-13T11:00:49+00:00\" \/>\n<meta property=\"og:image\" content=\"https:\/\/www.coralegnami.it\/wp-content\/uploads\/2019\/05\/CP20RADICA20DI20ULIVO201011.jpg\" \/>\n\t<meta property=\"og:image:width\" content=\"400\" \/>\n\t<meta property=\"og:image:height\" content=\"400\" \/>\n\t<meta property=\"og:image:type\" content=\"image\/jpeg\" \/>\n<meta name=\"twitter:card\" content=\"summary_large_image\" \/>\n<script type=\"application\/ld+json\" class=\"yoast-schema-graph\">{\"@context\":\"https:\/\/schema.org\",\"@graph\":[{\"@type\":\"WebPage\",\"@id\":\"https:\/\/www.coralegnami.it\/fr\/prodotto\/olive-burl-1011\/\",\"url\":\"https:\/\/www.coralegnami.it\/fr\/prodotto\/olive-burl-1011\/\",\"name\":\"OLIVE BURL 1011 - Cor\u00e0 Domenico &amp; Figli\",\"isPartOf\":{\"@id\":\"https:\/\/www.coralegnami.it\/#website\"},\"primaryImageOfPage\":{\"@id\":\"https:\/\/www.coralegnami.it\/fr\/prodotto\/olive-burl-1011\/#primaryimage\"},\"image\":{\"@id\":\"https:\/\/www.coralegnami.it\/fr\/prodotto\/olive-burl-1011\/#primaryimage\"},\"thumbnailUrl\":\"https:\/\/www.coralegnami.it\/wp-content\/uploads\/2019\/05\/CP20RADICA20DI20ULIVO201011.jpg\",\"datePublished\":\"2019-05-17T11:16:44+00:00\",\"dateModified\":\"2026-03-13T11:00:49+00:00\",\"breadcrumb\":{\"@id\":\"https:\/\/www.coralegnami.it\/fr\/prodotto\/olive-burl-1011\/#breadcrumb\"},\"inLanguage\":\"fr-FR\",\"potentialAction\":[{\"@type\":\"ReadAction\",\"target\":[\"https:\/\/www.coralegnami.it\/fr\/prodotto\/olive-burl-1011\/\"]}]},{\"@type\":\"ImageObject\",\"inLanguage\":\"fr-FR\",\"@id\":\"https:\/\/www.coralegnami.it\/fr\/prodotto\/olive-burl-1011\/#primaryimage\",\"url\":\"https:\/\/www.coralegnami.it\/wp-content\/uploads\/2019\/05\/CP20RADICA20DI20ULIVO201011.jpg\",\"contentUrl\":\"https:\/\/www.coralegnami.it\/wp-content\/uploads\/2019\/05\/CP20RADICA20DI20ULIVO201011.jpg\",\"width\":400,\"height\":400},{\"@type\":\"BreadcrumbList\",\"@id\":\"https:\/\/www.coralegnami.it\/fr\/prodotto\/olive-burl-1011\/#breadcrumb\",\"itemListElement\":[{\"@type\":\"ListItem\",\"position\":1,\"name\":\"Home\",\"item\":\"https:\/\/www.coralegnami.it\/fr\/\"},{\"@type\":\"ListItem\",\"position\":2,\"name\":\"Produits\",\"item\":\"https:\/\/www.coralegnami.it\/fr\/produits\/\"},{\"@type\":\"ListItem\",\"position\":3,\"name\":\"OLIVE BURL 1011\"}]},{\"@type\":\"WebSite\",\"@id\":\"https:\/\/www.coralegnami.it\/#website\",\"url\":\"https:\/\/www.coralegnami.it\/\",\"name\":\"Cor\u00e0 Domenico &amp; Figli\",\"description\":\"Un nuovo sito targato WordPress\",\"potentialAction\":[{\"@type\":\"SearchAction\",\"target\":{\"@type\":\"EntryPoint\",\"urlTemplate\":\"https:\/\/www.coralegnami.it\/?s={search_term_string}\"},\"query-input\":{\"@type\":\"PropertyValueSpecification\",\"valueRequired\":true,\"valueName\":\"search_term_string\"}}],\"inLanguage\":\"fr-FR\"}]}<\/script>\n<!-- \/ Yoast SEO plugin. -->","yoast_head_json":{"title":"OLIVE BURL 1011 - Cor\u00e0 Domenico &amp; Figli","robots":{"index":"index","follow":"follow","max-snippet":"max-snippet:-1","max-image-preview":"max-image-preview:large","max-video-preview":"max-video-preview:-1"},"canonical":"https:\/\/www.coralegnami.it\/fr\/prodotto\/olive-burl-1011\/","og_locale":"fr_FR","og_type":"article","og_title":"OLIVE BURL 1011 - Cor\u00e0 Domenico &amp; Figli","og_description":"ART. 60 990 73 \u00a0 CARATTERISTICHE La quintessenza della nobilt\u00e0 del legno, richiamo di intarsi immaginifici ed unici, di lavori al di l\u00e0 del tempo, \u00e8 presente nelle nostra gamma","og_url":"https:\/\/www.coralegnami.it\/fr\/prodotto\/olive-burl-1011\/","og_site_name":"Cor\u00e0 Domenico &amp; Figli","article_modified_time":"2026-03-13T11:00:49+00:00","og_image":[{"width":400,"height":400,"url":"https:\/\/www.coralegnami.it\/wp-content\/uploads\/2019\/05\/CP20RADICA20DI20ULIVO201011.jpg","type":"image\/jpeg"}],"twitter_card":"summary_large_image","schema":{"@context":"https:\/\/schema.org","@graph":[{"@type":"WebPage","@id":"https:\/\/www.coralegnami.it\/fr\/prodotto\/olive-burl-1011\/","url":"https:\/\/www.coralegnami.it\/fr\/prodotto\/olive-burl-1011\/","name":"OLIVE BURL 1011 - Cor\u00e0 Domenico &amp; Figli","isPartOf":{"@id":"https:\/\/www.coralegnami.it\/#website"},"primaryImageOfPage":{"@id":"https:\/\/www.coralegnami.it\/fr\/prodotto\/olive-burl-1011\/#primaryimage"},"image":{"@id":"https:\/\/www.coralegnami.it\/fr\/prodotto\/olive-burl-1011\/#primaryimage"},"thumbnailUrl":"https:\/\/www.coralegnami.it\/wp-content\/uploads\/2019\/05\/CP20RADICA20DI20ULIVO201011.jpg","datePublished":"2019-05-17T11:16:44+00:00","dateModified":"2026-03-13T11:00:49+00:00","breadcrumb":{"@id":"https:\/\/www.coralegnami.it\/fr\/prodotto\/olive-burl-1011\/#breadcrumb"},"inLanguage":"fr-FR","potentialAction":[{"@type":"ReadAction","target":["https:\/\/www.coralegnami.it\/fr\/prodotto\/olive-burl-1011\/"]}]},{"@type":"ImageObject","inLanguage":"fr-FR","@id":"https:\/\/www.coralegnami.it\/fr\/prodotto\/olive-burl-1011\/#primaryimage","url":"https:\/\/www.coralegnami.it\/wp-content\/uploads\/2019\/05\/CP20RADICA20DI20ULIVO201011.jpg","contentUrl":"https:\/\/www.coralegnami.it\/wp-content\/uploads\/2019\/05\/CP20RADICA20DI20ULIVO201011.jpg","width":400,"height":400},{"@type":"BreadcrumbList","@id":"https:\/\/www.coralegnami.it\/fr\/prodotto\/olive-burl-1011\/#breadcrumb","itemListElement":[{"@type":"ListItem","position":1,"name":"Home","item":"https:\/\/www.coralegnami.it\/fr\/"},{"@type":"ListItem","position":2,"name":"Produits","item":"https:\/\/www.coralegnami.it\/fr\/produits\/"},{"@type":"ListItem","position":3,"name":"OLIVE BURL 1011"}]},{"@type":"WebSite","@id":"https:\/\/www.coralegnami.it\/#website","url":"https:\/\/www.coralegnami.it\/","name":"Cor\u00e0 Domenico &amp; Figli","description":"Un nuovo sito targato WordPress","potentialAction":[{"@type":"SearchAction","target":{"@type":"EntryPoint","urlTemplate":"https:\/\/www.coralegnami.it\/?s={search_term_string}"},"query-input":{"@type":"PropertyValueSpecification","valueRequired":true,"valueName":"search_term_string"}}],"inLanguage":"fr-FR"}]}},"_links":{"self":[{"href":"https:\/\/www.coralegnami.it\/fr\/wp-json\/wp\/v2\/product\/4596","targetHints":{"allow":["GET"]}}],"collection":[{"href":"https:\/\/www.coralegnami.it\/fr\/wp-json\/wp\/v2\/product"}],"about":[{"href":"https:\/\/www.coralegnami.it\/fr\/wp-json\/wp\/v2\/types\/product"}],"wp:featuredmedia":[{"embeddable":true,"href":"https:\/\/www.coralegnami.it\/fr\/wp-json\/wp\/v2\/media\/4597"}],"wp:attachment":[{"href":"https:\/\/www.coralegnami.it\/fr\/wp-json\/wp\/v2\/media?parent=4596"}],"wp:term":[{"taxonomy":"product_cat","embeddable":true,"href":"https:\/\/www.coralegnami.it\/fr\/wp-json\/wp\/v2\/product_cat?post=4596"},{"taxonomy":"product_tag","embeddable":true,"href":"https:\/\/www.coralegnami.it\/fr\/wp-json\/wp\/v2\/product_tag?post=4596"},{"taxonomy":"sectors","embeddable":true,"href":"https:\/\/www.coralegnami.it\/fr\/wp-json\/wp\/v2\/sectors?post=4596"}],"curies":[{"name":"wp","href":"https:\/\/api.w.org\/{rel}","templated":true}]}}